{"id":2040,"date":"2025-06-27T10:38:54","date_gmt":"2025-06-27T08:38:54","guid":{"rendered":"https:\/\/www.climbingmadrid.es\/?page_id=2040"},"modified":"2025-07-14T14:48:06","modified_gmt":"2025-07-14T12:48:06","slug":"olimpicos-vs-el-muro-bulder","status":"publish","type":"page","link":"https:\/\/www.climbingmadrid.es\/en\/ven-a-escalar\/olimpicos-vs-el-muro-bulder\/","title":{"rendered":"Olympic vs. The Boulder Wall"},"content":{"rendered":"<p>In the <strong>IFSC Climbing World Cup Comunidad de Madrid 2025<\/strong>, la escalada es, sin duda, para todos. Y para El <strong>Thursday, July 17, at 10:00 hours<\/strong>, viviremos un momento \u00e9pico que no querr\u00e1s perderte: \u00a1Ol\u00edmpicos vs. El Muro B\u00falder! Dos figuras estelares del deporte espa\u00f1ol, que han brillado en los escenarios m\u00e1s grandes, aceptan un desaf\u00edo fuera de su zona de confort. Son los ol\u00edmpicos embajadores de Alcobendas. La gimnasta r\u00edtmica <strong>Ana Arnau<\/strong>, olympic Paris 2024 and with multiple medals at european and world will face the serious. Next to it, the medalist, world and european taekwondo, <strong>Jes\u00fas Tortosa Cabrera<\/strong>, olympic, Rio 2016, will test their strength and agility in a field that is entirely new.<\/p>\n\n\n\n<p>Both athletes, who are accustomed to master their disciplines, uploaded to our awesome <strong>boulder wall with Auto Belay<\/strong>, una estructura de 6 metros de alto por 12 metros de ancho. Este ser\u00e1 el escenario perfecto para ver c\u00f3mo la destreza de otros deportes se adapta a la verticalidad de la escalada. \u00a1Ser\u00e1 fascinante ver c\u00f3mo estas leyendas del deporte adaptan sus habilidades a este nuevo reto! \u00bfQui\u00e9n de ellos conquistar\u00e1 el muro? \u00bfC\u00f3mo reaccionan ante un desaf\u00edo tan diferente? Ven y desc\u00fabrelo en vivo. \u00a1No te pierdas este duelo \u00fanico entre la \u00e9lite deportiva y el muro b\u00falder!<\/p>\n\n\n\n<hr class=\"wp-block-separator has-alpha-channel-opacity\" \/>\n\n\n\n<p>El <strong>s\u00e1bado 19 de julio a las 10:00 horas<\/strong>, la ol\u00edmpica y embajadora de Iberdrola, <strong>Luc\u00eda Mart\u00edn-Portugu\u00e9s<\/strong>, nos ofrecer\u00e1 una charla\/cl\u00ednic y se enfrentar\u00e1 a El Muro B\u00falder. Esta destacada esgrimista, especialista en sable y con participaci\u00f3n en los Juegos Ol\u00edmpicos de Par\u00eds 2024 (17\u00ba lugar individual), pondr\u00e1 a prueba su fuerza y agilidad en nuestro imponente muro b\u00falder con Auto Belay.<\/p>\n\n\n\n<p>Mart\u00edn-Portugu\u00e9s, quien tambi\u00e9n cuenta con una medalla de bronce en el Campeonato Europeo de Esgrima de 2024 (prueba por equipo) y podios en la Copa del Mundo (primer lugar individual en Argel 2022, segundo lugar por equipo en Plovdiv 2024), nos mostrar\u00e1 c\u00f3mo su destreza se adapta a la verticalidad de la escalada.<\/p>\n\n\n\n<hr class=\"wp-block-separator has-alpha-channel-opacity\" \/>\n\n\n\n<p>Adem\u00e1s, a las <strong>10:30 horas de ese mismo s\u00e1bado 19<\/strong>, <strong>Chuso Garc\u00eda Bragado<\/strong> tambi\u00e9n probar\u00e1 su destreza en el muro b\u00falder. Este reconocido atleta de marcha, con un impresionante historial ol\u00edmpico, nos demostrar\u00e1 c\u00f3mo la resistencia y la t\u00e9cnica de su disciplina pueden aplicarse a los desaf\u00edos de la escalada.<\/p>\n\n\n\n<p>Ven y descubre en vivo c\u00f3mo estos atletas de \u00e9lite abordan un desaf\u00edo tan diferente. \u00a1No te pierdas estos momentos \u00fanicos en el muro b\u00falder!<\/p>","protected":false},"excerpt":{"rendered":"<p>En la IFSC Climbing World Cup Comunidad de Madrid 2025, la escalada es, sin duda, para todos. Y para El jueves 17 de julio a las 10:00 horas, viviremos un momento \u00e9pico que no querr\u00e1s perderte: \u00a1Ol\u00edmpicos vs. El Muro B\u00falder! Dos figuras estelares del deporte espa\u00f1ol, que han brillado en los escenarios m\u00e1s grandes, [&hellip;]<\/p>\n","protected":false},"author":2,"featured_media":2063,"parent":43,"menu_order":0,"comment_status":"closed","ping_status":"closed","template":"","meta":{"_jf_limit_responses":"","footnotes":""},"class_list":["post-2040","page","type-page","status-publish","has-post-thumbnail","hentry"],"_links":{"self":[{"href":"https:\/\/www.climbingmadrid.es\/en\/wp-json\/wp\/v2\/pages\/2040","targetHints":{"allow":["GET"]}}],"collection":[{"href":"https:\/\/www.climbingmadrid.es\/en\/wp-json\/wp\/v2\/pages"}],"about":[{"href":"https:\/\/www.climbingmadrid.es\/en\/wp-json\/wp\/v2\/types\/page"}],"author":[{"embeddable":true,"href":"https:\/\/www.climbingmadrid.es\/en\/wp-json\/wp\/v2\/users\/2"}],"replies":[{"embeddable":true,"href":"https:\/\/www.climbingmadrid.es\/en\/wp-json\/wp\/v2\/comments?post=2040"}],"version-history":[{"count":3,"href":"https:\/\/www.climbingmadrid.es\/en\/wp-json\/wp\/v2\/pages\/2040\/revisions"}],"predecessor-version":[{"id":2143,"href":"https:\/\/www.climbingmadrid.es\/en\/wp-json\/wp\/v2\/pages\/2040\/revisions\/2143"}],"up":[{"embeddable":true,"href":"https:\/\/www.climbingmadrid.es\/en\/wp-json\/wp\/v2\/pages\/43"}],"wp:featuredmedia":[{"embeddable":true,"href":"https:\/\/www.climbingmadrid.es\/en\/wp-json\/wp\/v2\/media\/2063"}],"wp:attachment":[{"href":"https:\/\/www.climbingmadrid.es\/en\/wp-json\/wp\/v2\/media?parent=2040"}],"curies":[{"name":"wp","href":"https:\/\/api.w.org\/{rel}","templated":true}]}}